{"id":5146,"date":"2021-09-23T12:57:43","date_gmt":"2021-09-23T09:57:43","guid":{"rendered":"https:\/\/nuoritaidefolio.fi\/discussions\/"},"modified":"2021-10-04T15:41:30","modified_gmt":"2021-10-04T12:41:30","slug":"discussions","status":"publish","type":"page","link":"https:\/\/nuoritaidefolio.fi\/en\/discussions\/","title":{"rendered":"Discussions"},"content":{"rendered":"\n<h1 class=\"wp-block-heading\">Discussions<\/h1>\n\n<p>Welcome to check Taide\/Folio\u2019s Discussions! The Discussions is a forum for young art makers and for all those who are interested in art and excited about it. <\/p>\n\n<p>The Discussions offers a way to comment on and talk about art related issues such as one\u2019s own art works, exhibitions and other art events as well as courses and workshops.<\/p>\n\n<p><a href=\"https:\/\/nuoritaidefolio.fi\/en\/guidelines-for-discussions\/\">Read more &gt;&gt;<\/a><\/p>\n\n<p><\/p>\n<div class=\"wpv-view-output\" data-toolset-views-view-editor=\"18e71dbda68b6f42530a5f874ce0feed\">\n<div class=\"wp-block-toolset-views-view-editor\"><form autocomplete=\"off\" name=\"wpv-filter-148\" action=\"\/en\/wp-json\/wp\/v2\/pages\/5146?wpv_view_count=148\" method=\"get\" class=\"wpv-filter-form js-wpv-filter-form js-wpv-filter-form-148 js-wpv-form-full js-wpv-dps-enabled js-wpv-ajax-results-enabled\" data-viewnumber=\"148\" data-viewid=\"148\" data-viewhash=\"eyJuYW1lIjoiaWxtb2l0dXN0YXVsdSJ9\" data-viewwidgetid=\"0\" data-orderby=\"\" data-order=\"\" data-orderbyas=\"\" data-orderbysecond=\"\" data-ordersecond=\"\" data-parametric=\"{&quot;query&quot;:&quot;normal&quot;,&quot;id&quot;:148,&quot;view_id&quot;:148,&quot;widget_id&quot;:0,&quot;view_hash&quot;:&quot;148&quot;,&quot;action&quot;:&quot;\\\/en\\\/wp-json\\\/wp\\\/v2\\\/pages\\\/5146?wpv_view_count=148&quot;,&quot;sort&quot;:{&quot;orderby&quot;:&quot;&quot;,&quot;order&quot;:&quot;&quot;,&quot;orderby_as&quot;:&quot;&quot;,&quot;orderby_second&quot;:&quot;&quot;,&quot;order_second&quot;:&quot;&quot;},&quot;orderby&quot;:&quot;&quot;,&quot;order&quot;:&quot;&quot;,&quot;orderby_as&quot;:&quot;&quot;,&quot;orderby_second&quot;:&quot;&quot;,&quot;order_second&quot;:&quot;&quot;,&quot;ajax_form&quot;:&quot;&quot;,&quot;ajax_results&quot;:&quot;&quot;,&quot;effect&quot;:&quot;fade&quot;,&quot;prebefore&quot;:&quot;&quot;,&quot;before&quot;:&quot;&quot;,&quot;after&quot;:&quot;&quot;,&quot;attributes&quot;:[],&quot;environment&quot;:{&quot;current_post_id&quot;:5146,&quot;parent_post_id&quot;:5146,&quot;parent_term_id&quot;:0,&quot;parent_user_id&quot;:0,&quot;archive&quot;:{&quot;type&quot;:&quot;&quot;,&quot;name&quot;:&quot;&quot;,&quot;data&quot;:[]}},&quot;loop&quot;:{&quot;type&quot;:&quot;&quot;,&quot;name&quot;:&quot;&quot;,&quot;data&quot;:[],&quot;id&quot;:0}}\" data-attributes=\"[]\" data-environment=\"{&quot;current_post_id&quot;:5146,&quot;parent_post_id&quot;:5146,&quot;parent_term_id&quot;:0,&quot;parent_user_id&quot;:0,&quot;archive&quot;:{&quot;type&quot;:&quot;&quot;,&quot;name&quot;:&quot;&quot;,&quot;data&quot;:[]}}\"><input type=\"hidden\" class=\"js-wpv-dps-filter-data js-wpv-filter-data-for-this-form\" data-action=\"\/en\/wp-json\/wp\/v2\/pages\/5146?wpv_view_count=148\" data-page=\"1\" data-ajax=\"enable\" data-effect=\"fade\" data-maxpages=\"0\" data-ajaxprebefore=\"\" data-ajaxbefore=\"\" data-ajaxafter=\"\" \/><input class=\"wpv_view_count wpv_view_count-148\" type=\"hidden\" name=\"wpv_view_count\" value=\"148\" \/>\n\n<div class=\"row\">\n\t<div class=\"col-md-3\">\n\t<select name=\"wpv-tekniikka\" class=\"js-wpv-filter-trigger form-control\"><option selected='selected' value=\"0\">Choose technique<\/option><option value=\"hiili\">Hiili (1)<\/option><option value=\"oljyvarit-kankaalle\">\u00d6ljyv\u00e4rit kankaalle (1)<\/option><\/select>\n  <\/div>\n\t<div class=\"col-md-3\">\n\t<select name=\"wpv-teema\" class=\"js-wpv-filter-trigger form-control\"><option selected='selected' value=\"0\">Choose theme<\/option><option value=\"arki\">Arki (1)<\/option><option value=\"dystopia\">Dystopia (1)<\/option><option value=\"kantaaottava\">Kantaaottava (1)<\/option><option value=\"kuka-olen-kun-olen-yksin\">Kuka olen, kun olen yksin (2)<\/option><option value=\"lapsenomaisuus\">Lapsenomaisuus (1)<\/option><option value=\"lapsuus\">Lapsuus (1)<\/option><option value=\"lasnaolo\">l\u00e4sn\u00e4olo (1)<\/option><option value=\"naisellinen\">naisellinen (1)<\/option><option value=\"nuoritaide2023\">Nuoritaide2023 (1)<\/option><option value=\"sekalainen-muu\">Sekalainen, muu (1)<\/option><option value=\"sielunkumppanuus\">Sielunkumppanuus (1)<\/option><option value=\"tie\">Tie (1)<\/option><option value=\"utopia\">Utopia (1)<\/option><option value=\"yksinaisyys\">yksin\u00e4isyys (1)<\/option><option value=\"pop-taide-pop-art\">Pop taide (1)<\/option><option value=\"pop-taide\">Pop taide (1)<\/option><option value=\"taidetapahtuma\">Taidetapahtuma (1)<\/option><\/select><\/div>\n  <div class=\"col-md-3\">\n  \t<select name=\"wpv-ilmoitustaulukategoria\" class=\"js-wpv-filter-trigger form-control\"><option selected='selected' value=\"0\">Choose discussions category<\/option><option value=\"etsitaan\">Etsit\u00e4\u00e4n (13)<\/option><option value=\"kurssit\">Kurssit (1)<\/option><option value=\"neuvoja-ja-apua\">Neuvoja ja apua (3)<\/option><option value=\"olisko-tassa-ideaa\">Olisko t\u00e4ss\u00e4 ideaa? (3)<\/option><option value=\"tapahtumat\">Tapahtumat (11)<\/option><\/select>\n  <\/div>\n\t<div class=\"col-md-3\"><input type=\"text\" name=\"wpv_post_search\"  class=\"js-wpv-filter-trigger-delayed form-control\" placeholder=\"Word search\" \/><\/div>\t\n<\/div>\n<div class=\"row\">\n\t<div class=\"col-md-12\"><input type=\"button\" class=\"wpv-reset-trigger js-wpv-reset-trigger btn\" name=\"wpv_filter_reset\" value=\"Clear the filters\" \/> <\/div>\n<\/div>\n\n<\/form>\n<div id=\"wpv-view-layout-148\" class=\"js-wpv-view-layout js-wpv-layout-responsive js-wpv-view-layout-148\" data-viewnumber=\"148\" data-pagination=\"{&quot;id&quot;:148,&quot;query&quot;:&quot;normal&quot;,&quot;type&quot;:&quot;disabled&quot;,&quot;effect&quot;:&quot;fade&quot;,&quot;duration&quot;:500,&quot;speed&quot;:5,&quot;pause_on_hover&quot;:&quot;disabled&quot;,&quot;stop_rollover&quot;:&quot;false&quot;,&quot;cache_pages&quot;:&quot;enabled&quot;,&quot;preload_images&quot;:&quot;enabled&quot;,&quot;preload_pages&quot;:&quot;enabled&quot;,&quot;preload_reach&quot;:1,&quot;spinner&quot;:&quot;builtin&quot;,&quot;spinner_image&quot;:&quot;https:\/\/nuoritaidefolio.fi\/wp-content\/plugins\/wp-views\/embedded\/res\/img\/ajax-loader.gif&quot;,&quot;callback_next&quot;:&quot;&quot;,&quot;manage_history&quot;:&quot;disabled&quot;,&quot;has_controls_in_form&quot;:&quot;disabled&quot;,&quot;infinite_tolerance&quot;:&quot;0&quot;,&quot;max_pages&quot;:0,&quot;page&quot;:1,&quot;base_permalink&quot;:&quot;\/en\/wp-json\/wp\/v2\/pages\/5146?wpv_view_count=148&amp;wpv_paged=WPV_PAGE_NUM&quot;,&quot;loop&quot;:{&quot;type&quot;:&quot;&quot;,&quot;name&quot;:&quot;&quot;,&quot;data&quot;:[],&quot;id&quot;:0}}\" data-permalink=\"\/en\/wp-json\/wp\/v2\/pages\/5146?wpv_view_count=148\">\n\n\t\n\t\n\t\n\t\t<div class=\"ilmoitus-wrap\">\n  <div class=\"ilmoitus-teksti\"><h2><a href=\"https:\/\/nuoritaidefolio.fi\/en\/ilmoitus\/valitiloissa-festivaali-art-market-tapahtuma-jarjestaja-helsinki-urban-art\/\">V\u00e4litiloissa-festivaali, Art Market-tapahtuma (j\u00e4rjest\u00e4j\u00e4: Helsinki Urban Art)<\/a><\/h2>\n    <p class=\"pvm\"><a href=\"https:\/\/nuoritaidefolio.fi\/en\/ilmoitus\/valitiloissa-festivaali-art-market-tapahtuma-jarjestaja-helsinki-urban-art\/\">30.10.2025<\/a><\/p>\n    <p>\n      7.11-9.11.2025 on V\u00e4litiloissa-festivaali, johon kuuluu lauantaina 8.11. j\u00e4rjestett\u00e4v\u00e4 Art Market-tapahtuma klo 14.00-22.00. Myynniss\u00e4 on taid\n      <\/p>\n    <div><\/div>\n <p class=\"kommentit\"><a href=\"https:\/\/nuoritaidefolio.fi\/en\/ilmoitus\/valitiloissa-festivaali-art-market-tapahtuma-jarjestaja-helsinki-urban-art\/\/#comments\">3 comments<\/a><\/p><\/div>\n  <div class=\"clear\"><\/div>\n  <\/div>\n\t\n\t\t<div class=\"ilmoitus-wrap\">\n  <div class=\"ilmoitus-teksti\"><h2><a href=\"https:\/\/nuoritaidefolio.fi\/en\/ilmoitus\/hunajaa-kastanjaa-taidenayttely\/\">Hunajaa &amp; Kastanjaa &#8211; Taiden\u00e4yttely<\/a><\/h2>\n    <p class=\"pvm\"><a href=\"https:\/\/nuoritaidefolio.fi\/en\/ilmoitus\/hunajaa-kastanjaa-taidenayttely\/\">28.02.2025<\/a><\/p>\n    <p>\n      Hunajaa &#038; Kastanjaa &#8211; Taiden\u00e4yttely\nEnsimm\u00e4inen oma taiden\u00e4yttelyni 4.3.2025-27.3.2025 Tapiolan kirjaston n\u00e4yttelysein\u00e4 Kaij\n      <\/p>\n    <div><\/div>\n <p class=\"kommentit\"><a href=\"https:\/\/nuoritaidefolio.fi\/en\/ilmoitus\/hunajaa-kastanjaa-taidenayttely\/\/#comments\">229,489 comments<\/a><\/p><\/div>\n  <div class=\"clear\"><\/div>\n  <\/div>\n\t\n\t\t<div class=\"ilmoitus-wrap\">\n  <div class=\"ilmoitus-teksti\"><h2><a href=\"https:\/\/nuoritaidefolio.fi\/en\/ilmoitus\/kotisivuprojekti\/\">Kotisivuprojekti<\/a><\/h2>\n    <p class=\"pvm\"><a href=\"https:\/\/nuoritaidefolio.fi\/en\/ilmoitus\/kotisivuprojekti\/\">17.10.2023<\/a><\/p>\n    <p>\n      Kotisivujen p\u00e4ivitys\/uusiminen\nKuvataide ja n\u00e4yttelyt\n\n      \n      <\/p>\n    <div><\/div>\n <p class=\"kommentit\"><a href=\"https:\/\/nuoritaidefolio.fi\/en\/ilmoitus\/kotisivuprojekti\/\/#comments\">No comments<\/a><\/p><\/div>\n  <div class=\"clear\"><\/div>\n  <\/div>\n\t\n\t\t<div class=\"ilmoitus-wrap\">\n  <div class=\"ilmoitus-teksti\"><h2><a href=\"https:\/\/nuoritaidefolio.fi\/en\/ilmoitus\/avoin-tyopaikka-lasten-ja-nuorten-taidekeskuksen-toiminnanjohtaja-1-12-2023-alkaen\/\">Avoin ty\u00f6paikka \/ Lasten ja nuorten taidekeskuksen toiminnanjohtaja 1.12.2023 alkaen<\/a><\/h2>\n    <p class=\"pvm\"><a href=\"https:\/\/nuoritaidefolio.fi\/en\/ilmoitus\/avoin-tyopaikka-lasten-ja-nuorten-taidekeskuksen-toiminnanjohtaja-1-12-2023-alkaen\/\">22.09.2023<\/a><\/p>\n    <p>\n      Avoin ty\u00f6paikka \/ Lasten ja nuorten taidekeskuksen toiminnanjohtaja 1.12.2023 alkaen\nLasten ja nuorten taidekeskus edist\u00e4\n      <\/p>\n    <div><\/div>\n <p class=\"kommentit\"><a href=\"https:\/\/nuoritaidefolio.fi\/en\/ilmoitus\/avoin-tyopaikka-lasten-ja-nuorten-taidekeskuksen-toiminnanjohtaja-1-12-2023-alkaen\/\/#comments\">No comments<\/a><\/p><\/div>\n  <div class=\"clear\"><\/div>\n  <\/div>\n\t\n\t\t<div class=\"ilmoitus-wrap\">\n  <div class=\"ilmoitus-teksti\"><h2><a href=\"https:\/\/nuoritaidefolio.fi\/en\/ilmoitus\/varaa-maksuton-ota-taidefolio-haltuun-koulutus\/\">Varaa maksuton Ota TaideFolio haltuun! -koulutus<\/a><\/h2>\n    <p class=\"pvm\"><a href=\"https:\/\/nuoritaidefolio.fi\/en\/ilmoitus\/varaa-maksuton-ota-taidefolio-haltuun-koulutus\/\">14.08.2023<\/a><\/p>\n    <p>\n      Useita vapaita koulutusaikoja elo-marraskuulle 2023!\n\n      <\/p>\n    <div><\/div>\n <p class=\"kommentit\"><a href=\"https:\/\/nuoritaidefolio.fi\/en\/ilmoitus\/varaa-maksuton-ota-taidefolio-haltuun-koulutus\/\/#comments\">No comments<\/a><\/p><\/div>\n  <div class=\"clear\"><\/div>\n  <\/div>\n\t\n\t\t<div class=\"ilmoitus-wrap\">\n  <div class=\"ilmoitus-teksti\"><h2><a href=\"https:\/\/nuoritaidefolio.fi\/en\/ilmoitus\/pienen-kylan-meiningit\/\">Pienen kyl\u00e4n meiningit<\/a><\/h2>\n    <p class=\"pvm\"><a href=\"https:\/\/nuoritaidefolio.fi\/en\/ilmoitus\/pienen-kylan-meiningit\/\">09.08.2023<\/a><\/p>\n    <p>\n      https:\/\/taruska01.wixsite.com\/valokuvanayttely\nPienen kyl\u00e4n meiningit &#8211; valokuvan\u00e4yttely pienest\u00e4 kyl\u00e4st\u00e4, ja sen el\u00e4m\u00e4st\u00e4.\n      <\/p>\n    <div><\/div>\n <p class=\"kommentit\"><a href=\"https:\/\/nuoritaidefolio.fi\/en\/ilmoitus\/pienen-kylan-meiningit\/\/#comments\">No comments<\/a><\/p><\/div>\n  <div class=\"clear\"><\/div>\n  <\/div>\n\t\n\t\t<div class=\"ilmoitus-wrap\">\n  <div class=\"ilmoitus-teksti\"><h2><a href=\"https:\/\/nuoritaidefolio.fi\/en\/ilmoitus\/viivat-elavaksi-taidenayttely\/\">Viivat el\u00e4v\u00e4ksi taiden\u00e4yttely<\/a><\/h2>\n    <p class=\"pvm\"><a href=\"https:\/\/nuoritaidefolio.fi\/en\/ilmoitus\/viivat-elavaksi-taidenayttely\/\">27.06.2023<\/a><\/p>\n    <p>\n      Viivat el\u00e4v\u00e4ksi &#8211; taiden\u00e4yttely Vihannin kirjastossa 1.7.-31.7.2023.\nVihannin kirjastossa pieness\u00e4 vitriiniss\u00e4, Kirkkokatu 16, 86\n      <\/p>\n    <div><\/div>\n <p class=\"kommentit\"><a href=\"https:\/\/nuoritaidefolio.fi\/en\/ilmoitus\/viivat-elavaksi-taidenayttely\/\/#comments\">2 comments<\/a><\/p><\/div>\n  <div class=\"clear\"><\/div>\n  <\/div>\n\t\n\t\t<div class=\"ilmoitus-wrap\">\n  <div class=\"ilmoitus-teksti\"><h2><a href=\"https:\/\/nuoritaidefolio.fi\/en\/ilmoitus\/graafista-suunnittelua-ja-kuvitusta-use-it-oulun-karttaan\/\">Graafista suunnittelua ja kuvitusta Use-it-Oulun karttaan!<\/a><\/h2>\n    <p class=\"pvm\"><a href=\"https:\/\/nuoritaidefolio.fi\/en\/ilmoitus\/graafista-suunnittelua-ja-kuvitusta-use-it-oulun-karttaan\/\">03.06.2023<\/a><\/p>\n    <p>\n      Oulun Use-it tiimi on yksi Euroopan kaupungeista mukana Use-It Travel Europe- j\u00e4rjest\u00f6ss\u00e4, miss\u00e4 vapaaehtoiset nuoret tekev\u00e4t yhdess\u00e4 turisti\n      <\/p>\n    <div><\/div>\n <p class=\"kommentit\"><a href=\"https:\/\/nuoritaidefolio.fi\/en\/ilmoitus\/graafista-suunnittelua-ja-kuvitusta-use-it-oulun-karttaan\/\/#comments\">No comments<\/a><\/p><\/div>\n  <div class=\"clear\"><\/div>\n  <\/div>\n\t\n\t\t<div class=\"ilmoitus-wrap\">\n  <div class=\"ilmoitus-teksti\"><h2><a href=\"https:\/\/nuoritaidefolio.fi\/en\/ilmoitus\/hae-mukaan-elakoon-piirros-nayttelyyn-kulttuuritalo-villa-artun-galleriaan-hyvinkaalle-12-9-10-11-2023\/\">Hae mukaan El\u00e4k\u00f6\u00f6n piirros! -n\u00e4yttelyyn Kulttuuritalo Villa Artun galleriaan Hyvink\u00e4\u00e4lle 12.9.\u201310.11.2023<\/a><\/h2>\n    <p class=\"pvm\"><a href=\"https:\/\/nuoritaidefolio.fi\/en\/ilmoitus\/hae-mukaan-elakoon-piirros-nayttelyyn-kulttuuritalo-villa-artun-galleriaan-hyvinkaalle-12-9-10-11-2023\/\">25.05.2023<\/a><\/p>\n    <p>\n      N\u00e4yttelyyn voivat hakea Nuori Taiteen TaideFoliossa teoksiaan esittelev\u00e4t 13\u201328-vuotiaat nuoret piirustuksillaan. Piirustus voi olla mill\u00e4 vai\n      <\/p>\n    <div><\/div>\n <p class=\"kommentit\"><a href=\"https:\/\/nuoritaidefolio.fi\/en\/ilmoitus\/hae-mukaan-elakoon-piirros-nayttelyyn-kulttuuritalo-villa-artun-galleriaan-hyvinkaalle-12-9-10-11-2023\/\/#comments\">No comments<\/a><\/p><\/div>\n  <div class=\"clear\"><\/div>\n  <\/div>\n\t\n\t\t<div class=\"ilmoitus-wrap\">\n  <div class=\"ilmoitus-teksti\"><h2><a href=\"https:\/\/nuoritaidefolio.fi\/en\/ilmoitus\/odottelua-nuori-taide-2023-tapahtumaan\/\">Odottelua Nuori Taide 2023 tapahtumaan<\/a><\/h2>\n    <p class=\"pvm\"><a href=\"https:\/\/nuoritaidefolio.fi\/en\/ilmoitus\/odottelua-nuori-taide-2023-tapahtumaan\/\">02.05.2023<\/a><\/p>\n    <p>\n      Moi!\nTapahtuma on alle kahden viikon p\u00e4\u00e4st\u00e4 ja ajattelin kertoa mit\u00e4 eniten odotan tapahtumalta:\n&#8211; Tottakai nuorten taiteilij\n      <\/p>\n    <div><\/div>\n <p class=\"kommentit\"><a href=\"https:\/\/nuoritaidefolio.fi\/en\/ilmoitus\/odottelua-nuori-taide-2023-tapahtumaan\/\/#comments\">2 comments<\/a><\/p><\/div>\n  <div class=\"clear\"><\/div>\n  <\/div>\n\t\n\t\t<div class=\"ilmoitus-wrap\">\n  <div class=\"ilmoitus-teksti\"><h2><a href=\"https:\/\/nuoritaidefolio.fi\/en\/ilmoitus\/osallistu-nuori-taide-2023-tapahtumaan\/\">Osallistu Nuori Taide 2023 -tapahtumaan<\/a><\/h2>\n    <p class=\"pvm\"><a href=\"https:\/\/nuoritaidefolio.fi\/en\/ilmoitus\/osallistu-nuori-taide-2023-tapahtumaan\/\">02.05.2023<\/a><\/p>\n    <p>\n      Nuori Taide 2023 on Suomen suurin nuorten visuaalisen taiteen harrastajien tapahtuma. Ohjelmassa on 13\u201323-vuotiaiden taiteen tekij\u00f6iden taidetta\n      <\/p>\n    <div><\/div>\n <p class=\"kommentit\"><a href=\"https:\/\/nuoritaidefolio.fi\/en\/ilmoitus\/osallistu-nuori-taide-2023-tapahtumaan\/\/#comments\">No comments<\/a><\/p><\/div>\n  <div class=\"clear\"><\/div>\n  <\/div>\n\t\n\t\t<div class=\"ilmoitus-wrap\">\n  <div class=\"ilmoitus-teksti\"><h2><a href=\"https:\/\/nuoritaidefolio.fi\/en\/ilmoitus\/hae-taiteenesittelijaksi-nuori-taide-2023-tapahtumaan-12-2-mennessa\/\">Hae taiteenesittelij\u00e4ksi Nuori Taide 2023 -tapahtumaan 12.2. menness\u00e4<\/a><\/h2>\n    <p class=\"pvm\"><a href=\"https:\/\/nuoritaidefolio.fi\/en\/ilmoitus\/hae-taiteenesittelijaksi-nuori-taide-2023-tapahtumaan-12-2-mennessa\/\">30.01.2023<\/a><\/p>\n    <p>\n      Esittele taidettasi Suomen suurimmassa nuorten visuaalisen taiteen harrastajien Nuori Taide 2023 -tapahtumassa Helsingiss\u00e4! \nla 13.\n      <\/p>\n    <div><\/div>\n <p class=\"kommentit\"><a href=\"https:\/\/nuoritaidefolio.fi\/en\/ilmoitus\/hae-taiteenesittelijaksi-nuori-taide-2023-tapahtumaan-12-2-mennessa\/\/#comments\">No comments<\/a><\/p><\/div>\n  <div class=\"clear\"><\/div>\n  <\/div>\n\t\n\t\t<div class=\"ilmoitus-wrap\">\n  <div class=\"ilmoitus-teksti\"><h2><a href=\"https:\/\/nuoritaidefolio.fi\/en\/ilmoitus\/etsitaan-katutaidekaveria-helsingissa\/\">Etsit\u00e4\u00e4n katutaidekaveria Helsingiss\u00e4!<\/a><\/h2>\n    <p class=\"pvm\"><a href=\"https:\/\/nuoritaidefolio.fi\/en\/ilmoitus\/etsitaan-katutaidekaveria-helsingissa\/\">27.09.2022<\/a><\/p>\n    <p>\n      Haluaako joku ly\u00f6tt\u00e4yty\u00e4 seuraan maalaamaan s\u00e4hk\u00f6kaappeja ymp\u00e4ri Helsinki\u00e4? Yhteisty\u00f6ss\u00e4 Helen S\u00e4hk\u00f6verkon kanssa? Menn\u00e4\u00e4n maalaamaan \n      <\/p>\n    <div><\/div>\n <p class=\"kommentit\"><a href=\"https:\/\/nuoritaidefolio.fi\/en\/ilmoitus\/etsitaan-katutaidekaveria-helsingissa\/\/#comments\">3 comments<\/a><\/p><\/div>\n  <div class=\"clear\"><\/div>\n  <\/div>\n\t\n\t\t<div class=\"ilmoitus-wrap\">\n  <div class=\"ilmoitus-teksti\"><h2><a href=\"https:\/\/nuoritaidefolio.fi\/en\/ilmoitus\/nayttely-kalliolaan\/\">N\u00e4yttely Kalliolaan!<\/a><\/h2>\n    <p class=\"pvm\"><a href=\"https:\/\/nuoritaidefolio.fi\/en\/ilmoitus\/nayttely-kalliolaan\/\">20.09.2022<\/a><\/p>\n    <p>\n      Hei tyypit,\nKalliolan Setlementtitalo tarjoaa n\u00e4yttelytilaa ilmaiseksi nuorten taiteilijoiden t\u00f6ille koko loppuvuoden!\nN\u00e4yttelyaja\n      <\/p>\n    <div><\/div>\n <p class=\"kommentit\"><a href=\"https:\/\/nuoritaidefolio.fi\/en\/ilmoitus\/nayttely-kalliolaan\/\/#comments\">No comments<\/a><\/p><\/div>\n  <div class=\"clear\"><\/div>\n  <\/div>\n\t\n\t\t<div class=\"ilmoitus-wrap\">\n  <div class=\"ilmoitus-teksti\"><h2><a href=\"https:\/\/nuoritaidefolio.fi\/en\/ilmoitus\/open-call-nuorten-galleriavaltaus\/\">Open Call: Nuorten Galleriavaltaus<\/a><\/h2>\n    <p class=\"pvm\"><a href=\"https:\/\/nuoritaidefolio.fi\/en\/ilmoitus\/open-call-nuorten-galleriavaltaus\/\">20.05.2022<\/a><\/p>\n    <p>\n      \n\n      <\/p>\n    <div><\/div>\n <p class=\"kommentit\"><a href=\"https:\/\/nuoritaidefolio.fi\/en\/ilmoitus\/open-call-nuorten-galleriavaltaus\/\/#comments\">No comments<\/a><\/p><\/div>\n  <div class=\"clear\"><\/div>\n  <\/div>\n\t\n\t\t<div class=\"ilmoitus-wrap\">\n  <div class=\"ilmoitus-teksti\"><h2><a href=\"https:\/\/nuoritaidefolio.fi\/en\/ilmoitus\/tervetuloa-nayttelyn-avajaisiin-5-5-2022-klo-17-19-galleria-viviin\/\">Tervetuloa n\u00e4yttelyn avajaisiin 5.5.2022 klo 17-19 Galleria Viviin<\/a><\/h2>\n    <p class=\"pvm\"><a href=\"https:\/\/nuoritaidefolio.fi\/en\/ilmoitus\/tervetuloa-nayttelyn-avajaisiin-5-5-2022-klo-17-19-galleria-viviin\/\">04.05.2022<\/a><\/p>\n    <p>\n      \n      <\/p>\n    <div><\/div>\n <p class=\"kommentit\"><a href=\"https:\/\/nuoritaidefolio.fi\/en\/ilmoitus\/tervetuloa-nayttelyn-avajaisiin-5-5-2022-klo-17-19-galleria-viviin\/\/#comments\">No comments<\/a><\/p><\/div>\n  <div class=\"clear\"><\/div>\n  <\/div>\n\t\n\t\t<div class=\"ilmoitus-wrap\">\n  <div class=\"ilmoitus-teksti\"><h2><a href=\"https:\/\/nuoritaidefolio.fi\/en\/ilmoitus\/open-call-13-19-vuotiaiden-ryhmanayttelyyn-teemasta-kuka-olen-kun-olen-yksin\/\">Open call 13\u201319-vuotiaiden ryhm\u00e4n\u00e4yttelyyn teemasta &#8216;Kuka olen, kun olen yksin&#8217;<\/a><\/h2>\n    <p class=\"pvm\"><a href=\"https:\/\/nuoritaidefolio.fi\/en\/ilmoitus\/open-call-13-19-vuotiaiden-ryhmanayttelyyn-teemasta-kuka-olen-kun-olen-yksin\/\">18.01.2022<\/a><\/p>\n    <p>\n      \n      <\/p>\n    <div><\/div>\n <p class=\"kommentit\"><a href=\"https:\/\/nuoritaidefolio.fi\/en\/ilmoitus\/open-call-13-19-vuotiaiden-ryhmanayttelyyn-teemasta-kuka-olen-kun-olen-yksin\/\/#comments\">No comments<\/a><\/p><\/div>\n  <div class=\"clear\"><\/div>\n  <\/div>\n\t\n\t\t<div class=\"ilmoitus-wrap\">\n  <div class=\"ilmoitus-teksti\"><h2><a href=\"https:\/\/nuoritaidefolio.fi\/en\/ilmoitus\/nuori-taide-rekrytoi-kuraattorin-assistentti\/\">Nuori Taide rekrytoi: Kuraattorin assistentti<\/a><\/h2>\n    <p class=\"pvm\"><a href=\"https:\/\/nuoritaidefolio.fi\/en\/ilmoitus\/nuori-taide-rekrytoi-kuraattorin-assistentti\/\">12.01.2022<\/a><\/p>\n    <p>\n      Nuori Taide rekrytoi \ud83e\udd29\u00a0\nHaemme nuorta kuraattorin assistenttia ty\u00f6\n      <\/p>\n    <div><\/div>\n <p class=\"kommentit\"><a href=\"https:\/\/nuoritaidefolio.fi\/en\/ilmoitus\/nuori-taide-rekrytoi-kuraattorin-assistentti\/\/#comments\">No comments<\/a><\/p><\/div>\n  <div class=\"clear\"><\/div>\n  <\/div>\n\t\n\t\t<div class=\"ilmoitus-wrap\">\n  <div class=\"ilmoitus-teksti\"><h2><a href=\"https:\/\/nuoritaidefolio.fi\/en\/ilmoitus\/jatkuva-haku-nuori-taide-2023-tapahtuman-tuotantoryhmaan\/\">Haku Nuori Taide 2023 -tapahtuman tuotantoryhm\u00e4\u00e4n<\/a><\/h2>\n    <p class=\"pvm\"><a href=\"https:\/\/nuoritaidefolio.fi\/en\/ilmoitus\/jatkuva-haku-nuori-taide-2023-tapahtuman-tuotantoryhmaan\/\">27.12.2021<\/a><\/p>\n    <p>\n      \n      <\/p>\n    <div><\/div>\n <p class=\"kommentit\"><a href=\"https:\/\/nuoritaidefolio.fi\/en\/ilmoitus\/jatkuva-haku-nuori-taide-2023-tapahtuman-tuotantoryhmaan\/\/#comments\">1 comment<\/a><\/p><\/div>\n  <div class=\"clear\"><\/div>\n  <\/div>\n\t\n\t\t<div class=\"ilmoitus-wrap\">\n  <div class=\"ilmoitus-teksti\"><h2><a href=\"https:\/\/nuoritaidefolio.fi\/en\/ilmoitus\/nuori-taide-rekrytoi-graafisen-sisallon-tekija\/\">Nuori Taide rekrytoi: Graafisen sis\u00e4ll\u00f6n tekij\u00e4<\/a><\/h2>\n    <p class=\"pvm\"><a href=\"https:\/\/nuoritaidefolio.fi\/en\/ilmoitus\/nuori-taide-rekrytoi-graafisen-sisallon-tekija\/\">08.12.2021<\/a><\/p>\n    <p>\n      Haemme nuorta graafisen sis\u00e4ll\u00f6n tekij\u00e4\u00e4 toteuttamaan ensi kev\u00e4\u00e4n nuorten n\u00e4yttelyn graafisia sis\u00e4lt\u00f6j\u00e4. Teht\u00e4v\u00e4n\u00e4si on suunnitella ja\n      <\/p>\n    <div><\/div>\n <p class=\"kommentit\"><a href=\"https:\/\/nuoritaidefolio.fi\/en\/ilmoitus\/nuori-taide-rekrytoi-graafisen-sisallon-tekija\/\/#comments\">No comments<\/a><\/p><\/div>\n  <div class=\"clear\"><\/div>\n  <\/div>\n\t\n\t\t<div class=\"ilmoitus-wrap\">\n  <div class=\"ilmoitus-teksti\"><h2><a href=\"https:\/\/nuoritaidefolio.fi\/en\/ilmoitus\/hae-mukaan-generation-2023-nayttelyyn-ma-15-11-klo-23-mennessa\/\">Hae mukaan Generation 2023 -n\u00e4yttelyyn ma 15.11. klo 23 menness\u00e4<\/a><\/h2>\n    <p class=\"pvm\"><a href=\"https:\/\/nuoritaidefolio.fi\/en\/ilmoitus\/hae-mukaan-generation-2023-nayttelyyn-ma-15-11-klo-23-mennessa\/\">11.11.2021<\/a><\/p>\n    <p>\n      LOPPUKIRI! Hakuaikaa ma 15.11. klo 23 asti \ud83d\udca5\ud83d\udca5\ud83d\udca5\n\n      <\/p>\n    <div><\/div>\n <p class=\"kommentit\"><a href=\"https:\/\/nuoritaidefolio.fi\/en\/ilmoitus\/hae-mukaan-generation-2023-nayttelyyn-ma-15-11-klo-23-mennessa\/\/#comments\">2 comments<\/a><\/p><\/div>\n  <div class=\"clear\"><\/div>\n  <\/div>\n\t\n\t\t<div class=\"ilmoitus-wrap\">\n  <div class=\"ilmoitus-teksti\"><h2><a href=\"https:\/\/nuoritaidefolio.fi\/en\/ilmoitus\/petriina-kiiskinen-grandmasters-of-uusikatu\/\">Petriina Kiiskinen: GRANDMASTERS OF UUSIKATU<\/a><\/h2>\n    <p class=\"pvm\"><a href=\"https:\/\/nuoritaidefolio.fi\/en\/ilmoitus\/petriina-kiiskinen-grandmasters-of-uusikatu\/\">09.09.2021<\/a><\/p>\n    <p>\n      GRANDMASTERS OF UUSIKATU -taiden\u00e4yttely R\u00e4nni-galleriassa 30.8.-25.9.2021\nOulun rautatieaseman alikulkutunnelin vitriini.\u00a0Rautatienkatu 1\n      <\/p>\n    <div><\/div>\n <p class=\"kommentit\"><a href=\"https:\/\/nuoritaidefolio.fi\/en\/ilmoitus\/petriina-kiiskinen-grandmasters-of-uusikatu\/\/#comments\">1 comment<\/a><\/p><\/div>\n  <div class=\"clear\"><\/div>\n  <\/div>\n\t\n\t\t<div class=\"ilmoitus-wrap\">\n  <div class=\"ilmoitus-teksti\"><h2><a href=\"https:\/\/nuoritaidefolio.fi\/en\/ilmoitus\/nuori-taiteen-blogissa-juttu-taidefoliosta\/\">Nuori Taiteen blogissa juttu Taide&#092;Foliosta<\/a><\/h2>\n    <p class=\"pvm\"><a href=\"https:\/\/nuoritaidefolio.fi\/en\/ilmoitus\/nuori-taiteen-blogissa-juttu-taidefoliosta\/\">01.09.2021<\/a><\/p>\n    <p>\n      Moi!\nNuori Taiteen blogiin on kirjoitettu pieni juttu TaideFoliosta. K\u00e4yk\u00e4\u00e4 lukemassa \ud83d\ude0a\nBlogiin: \n      <\/p>\n    <div><\/div>\n <p class=\"kommentit\"><a href=\"https:\/\/nuoritaidefolio.fi\/en\/ilmoitus\/nuori-taiteen-blogissa-juttu-taidefoliosta\/\/#comments\">No comments<\/a><\/p><\/div>\n  <div class=\"clear\"><\/div>\n  <\/div>\n\t\n\t\t<div class=\"ilmoitus-wrap\">\n  <div class=\"ilmoitus-teksti\"><h2><a href=\"https:\/\/nuoritaidefolio.fi\/en\/ilmoitus\/seuraa-nuori-taide-2021-tapahtumaa-youtube-livesta-22-5-2021\/\">Seuraa Nuori Taide 2021 -tapahtumaa YouTube Livesta 22.5.2021<\/a><\/h2>\n    <p class=\"pvm\"><a href=\"https:\/\/nuoritaidefolio.fi\/en\/ilmoitus\/seuraa-nuori-taide-2021-tapahtumaa-youtube-livesta-22-5-2021\/\">17.05.2021<\/a><\/p>\n    <p>\n      Osallistu maksuttomaan Nuori Taide 2021 -online-tapahtumaan YouTube Liven kautta 22.5.21 klo 11-17!\nOHJELMA\n      <\/p>\n    <div><\/div>\n <p class=\"kommentit\"><a href=\"https:\/\/nuoritaidefolio.fi\/en\/ilmoitus\/seuraa-nuori-taide-2021-tapahtumaa-youtube-livesta-22-5-2021\/\/#comments\">No comments<\/a><\/p><\/div>\n  <div class=\"clear\"><\/div>\n  <\/div>\n\t\n\t\t<div class=\"ilmoitus-wrap\">\n  <div class=\"ilmoitus-teksti\"><h2><a href=\"https:\/\/nuoritaidefolio.fi\/en\/ilmoitus\/anna-palautetta-taidefoliosta-%f0%9f%94%a5\/\">Anna palautetta TaideFoliosta \ud83d\udd25<\/a><\/h2>\n    <p class=\"pvm\"><a href=\"https:\/\/nuoritaidefolio.fi\/en\/ilmoitus\/anna-palautetta-taidefoliosta-%f0%9f%94%a5\/\">12.05.2021<\/a><\/p>\n    <p>\n      Moi sin\u00e4 TaideFolion k\u00e4ytt\u00e4j\u00e4!\nKer\u00e4\u00e4mme palautetta sivustosta, jotta voimme kehitt\u00e4\u00e4 sit\u00e4 entist\u00e4 paremmaksi \ud83e\udd29 Olisi mahtavaa, \n      <\/p>\n    <div><\/div>\n <p class=\"kommentit\"><a href=\"https:\/\/nuoritaidefolio.fi\/en\/ilmoitus\/anna-palautetta-taidefoliosta-%f0%9f%94%a5\/\/#comments\">No comments<\/a><\/p><\/div>\n  <div class=\"clear\"><\/div>\n  <\/div>\n\t\n\t\t<div class=\"ilmoitus-wrap\">\n  <div class=\"ilmoitus-teksti\"><h2><a href=\"https:\/\/nuoritaidefolio.fi\/en\/ilmoitus\/taidefiilistelya\/\">Taidefiilistely\u00e4<\/a><\/h2>\n    <p class=\"pvm\"><a href=\"https:\/\/nuoritaidefolio.fi\/en\/ilmoitus\/taidefiilistelya\/\">09.05.2021<\/a><\/p>\n    <p>\n      Moikka! Mit\u00e4 taide teille merkitsee?\u00a0Taide on l\u00e4sn\u00e4 niin monella eri tavalla ja sill\u00e4 on yht\u00e4 monta merkityst\u00e4 kuin on ihmisi\u00e4 maan p\u00e4\u00e4ll\n      <\/p>\n    <div><\/div>\n <p class=\"kommentit\"><a href=\"https:\/\/nuoritaidefolio.fi\/en\/ilmoitus\/taidefiilistelya\/\/#comments\">1 comment<\/a><\/p><\/div>\n  <div class=\"clear\"><\/div>\n  <\/div>\n\t\n\t\t<div class=\"ilmoitus-wrap\">\n  <div class=\"ilmoitus-teksti\"><h2><a href=\"https:\/\/nuoritaidefolio.fi\/en\/ilmoitus\/tervetuloa-taidefolioon\/\">Tervetuloa TaideFolioon!<\/a><\/h2>\n    <p class=\"pvm\"><a href=\"https:\/\/nuoritaidefolio.fi\/en\/ilmoitus\/tervetuloa-taidefolioon\/\">10.03.2021<\/a><\/p>\n    <p>\n      Tervetuloa k\u00e4ytt\u00e4m\u00e4\u00e4n Taide&#92;Folio -sivustoa!\nTaideFolio on\u00a0vuorovaikutteinen nettisivusto, jossa voit keskustella taidetta koskev\n      <\/p>\n    <div><\/div>\n <p class=\"kommentit\"><a href=\"https:\/\/nuoritaidefolio.fi\/en\/ilmoitus\/tervetuloa-taidefolioon\/\/#comments\">3 comments<\/a><\/p><\/div>\n  <div class=\"clear\"><\/div>\n  <\/div>\n\t\n\t\n\t\n\t\n<\/div>\n<\/div>\n<\/div>","protected":false},"excerpt":{"rendered":"<p>Discussions Welcome to check Taide\/Folio\u2019s Discussions! The Discussions is a forum for young art makers and for all those who are interested in art and excited about it. The Discussions offers a way to comment on and talk about art related issues such as one\u2019s own art works, exhibitions and other art events as well [&hellip;]<\/p>\n","protected":false},"author":2,"featured_media":0,"parent":0,"menu_order":0,"comment_status":"closed","ping_status":"closed","template":"","meta":{"_kad_blocks_custom_css":"","_kad_blocks_head_custom_js":"","_kad_blocks_body_custom_js":"","_kad_blocks_footer_custom_js":"","site-sidebar-layout":"no-sidebar","site-content-layout":"default","ast-site-content-layout":"default","site-content-style":"default","site-sidebar-style":"default","ast-global-header-display":"","ast-banner-title-visibility":"","ast-main-header-display":"","ast-hfb-above-header-display":"","ast-hfb-below-header-display":"","ast-hfb-mobile-header-display":"","site-post-title":"disabled","ast-breadcrumbs-content":"","ast-featured-img":"","footer-sml-layout":"","ast-disable-related-posts":"","theme-transparent-header-meta":"default","adv-header-id-meta":"","stick-header-meta":"default","header-above-stick-meta":"","header-main-stick-meta":"","header-below-stick-meta":"","astra-migrate-meta-layouts":"default","ast-page-background-enabled":"default","ast-page-background-meta":{"desktop":{"background-color":"","background-image":"","background-repeat":"repeat","background-position":"center center","background-size":"auto","background-attachment":"scroll","background-type":"","background-media":"","overlay-type":"","overlay-color":"","overlay-opacity":"","overlay-gradient":""},"tablet":{"background-color":"","background-image":"","background-repeat":"repeat","background-position":"center center","background-size":"auto","background-attachment":"scroll","background-type":"","background-media":"","overlay-type":"","overlay-color":"","overlay-opacity":"","overlay-gradient":""},"mobile":{"background-color":"","background-image":"","background-repeat":"repeat","background-position":"center center","background-size":"auto","background-attachment":"scroll","background-type":"","background-media":"","overlay-type":"","overlay-color":"","overlay-opacity":"","overlay-gradient":""}},"ast-content-background-meta":{"desktop":{"background-color":"var(--ast-global-color-5)","background-image":"","background-repeat":"repeat","background-position":"center center","background-size":"auto","background-attachment":"scroll","background-type":"","background-media":"","overlay-type":"","overlay-color":"","overlay-opacity":"","overlay-gradient":""},"tablet":{"background-color":"var(--ast-global-color-5)","background-image":"","background-repeat":"repeat","background-position":"center center","background-size":"auto","background-attachment":"scroll","background-type":"","background-media":"","overlay-type":"","overlay-color":"","overlay-opacity":"","overlay-gradient":""},"mobile":{"background-color":"var(--ast-global-color-5)","background-image":"","background-repeat":"repeat","background-position":"center center","background-size":"auto","background-attachment":"scroll","background-type":"","background-media":"","overlay-type":"","overlay-color":"","overlay-opacity":"","overlay-gradient":""}},"footnotes":""},"class_list":["post-5146","page","type-page","status-publish","hentry"],"taxonomy_info":[],"featured_image_src_large":false,"author_info":{"display_name":"Katja Lampela","author_link":"https:\/\/nuoritaidefolio.fi\/en\/author\/katjalampela\/"},"comment_info":0,"_links":{"self":[{"href":"https:\/\/nuoritaidefolio.fi\/en\/wp-json\/wp\/v2\/pages\/5146","targetHints":{"allow":["GET"]}}],"collection":[{"href":"https:\/\/nuoritaidefolio.fi\/en\/wp-json\/wp\/v2\/pages"}],"about":[{"href":"https:\/\/nuoritaidefolio.fi\/en\/wp-json\/wp\/v2\/types\/page"}],"author":[{"embeddable":true,"href":"https:\/\/nuoritaidefolio.fi\/en\/wp-json\/wp\/v2\/users\/2"}],"replies":[{"embeddable":true,"href":"https:\/\/nuoritaidefolio.fi\/en\/wp-json\/wp\/v2\/comments?post=5146"}],"version-history":[{"count":9,"href":"https:\/\/nuoritaidefolio.fi\/en\/wp-json\/wp\/v2\/pages\/5146\/revisions"}],"predecessor-version":[{"id":5453,"href":"https:\/\/nuoritaidefolio.fi\/en\/wp-json\/wp\/v2\/pages\/5146\/revisions\/5453"}],"wp:attachment":[{"href":"https:\/\/nuoritaidefolio.fi\/en\/wp-json\/wp\/v2\/media?parent=5146"}],"curies":[{"name":"wp","href":"https:\/\/api.w.org\/{rel}","templated":true}]}}